{"id":4540,"date":"2022-08-30T11:39:25","date_gmt":"2022-08-30T09:39:25","guid":{"rendered":"https:\/\/alpechalets.at\/blog\/"},"modified":"2026-02-25T09:40:23","modified_gmt":"2026-02-25T08:40:23","slug":"blog","status":"publish","type":"page","link":"https:\/\/alpechalets.at\/en\/blog\/","title":{"rendered":"Blog"},"content":{"rendered":"<p><div class=\"fusion-fullwidth fullwidth-box fusion-builder-row-1 fusion-flex-container nonhundred-percent-fullwidth non-hundred-percent-height-scrolling fusion-no-small-visibility gradient-container-1\" style=\"--awb-border-radius-top-left:0px;--awb-border-radius-top-right:0px;--awb-border-radius-bottom-right:0px;--awb-border-radius-bottom-left:0px;--awb-padding-bottom:140px;--awb-background-color:#f7f6f2;--awb-flex-wrap:wrap;\" ><div class=\"fusion-builder-row fusion-row fusion-flex-align-items-flex-start fusion-flex-content-wrap\" style=\"max-width:1352px;margin-left: calc(-4% \/ 2 );margin-right: calc(-4% \/ 2 );\"><div class=\"fusion-layout-column fusion_builder_column fusion-builder-column-0 fusion_builder_column_1_1 1_1 fusion-flex-column\" style=\"--awb-padding-top:10px;--awb-bg-size:cover;--awb-width-large:100%;--awb-margin-top-large:0px;--awb-spacing-right-large:1.92%;--awb-margin-bottom-large:20px;--awb-spacing-left-large:1.92%;--awb-width-medium:100%;--awb-order-medium:0;--awb-spacing-right-medium:1.92%;--awb-spacing-left-medium:1.92%;--awb-width-small:100%;--awb-order-small:0;--awb-spacing-right-small:1.92%;--awb-spacing-left-small:1.92%;\"><div class=\"fusion-column-wrapper fusion-column-has-shadow fusion-flex-justify-content-flex-start fusion-content-layout-column\"><div class=\"fusion-image-element \" style=\"text-align:center;--awb-max-width:100px;--awb-caption-title-font-family:var(--h2_typography-font-family);--awb-caption-title-font-weight:var(--h2_typography-font-weight);--awb-caption-title-font-style:var(--h2_typography-font-style);--awb-caption-title-size:var(--h2_typography-font-size);--awb-caption-title-transform:var(--h2_typography-text-transform);--awb-caption-title-line-height:var(--h2_typography-line-height);--awb-caption-title-letter-spacing:var(--h2_typography-letter-spacing);\"><span class=\" fusion-imageframe imageframe-none imageframe-1 hover-type-none\"><a class=\"fusion-no-lightbox\" href=\"https:\/\/alpechalets.at\/en\/\" target=\"_self\" aria-label=\"Logo-250px\"><img decoding=\"async\" width=\"250\" height=\"256\" src=\"https:\/\/alpechalets.at\/wp-content\/uploads\/2022\/03\/Logo-250px.png\" data-orig-src=\"https:\/\/alpechalets.at\/wp-content\/uploads\/2022\/03\/Logo-250px.png\" alt class=\"lazyload img-responsive wp-image-3831\" srcset=\"data:image\/svg+xml,%3Csvg%20xmlns%3D%27http%3A%2F%2Fwww.w3.org%2F2000%2Fsvg%27%20width%3D%27250%27%20height%3D%27256%27%20viewBox%3D%270%200%20250%20256%27%3E%3Crect%20width%3D%27250%27%20height%3D%27256%27%20fill-opacity%3D%220%22%2F%3E%3C%2Fsvg%3E\" data-srcset=\"https:\/\/alpechalets.at\/wp-content\/uploads\/2022\/03\/Logo-250px-200x205.png 200w, https:\/\/alpechalets.at\/wp-content\/uploads\/2022\/03\/Logo-250px.png 250w\" data-sizes=\"auto\" data-orig-sizes=\"(max-width: 640px) 100vw, 250px\" \/><\/a><\/span><\/div><\/div><\/div><\/div><\/div><div class=\"fusion-fullwidth fullwidth-box fusion-builder-row-2 fusion-flex-container nonhundred-percent-fullwidth non-hundred-percent-height-scrolling fusion-no-medium-visibility fusion-no-large-visibility gradient-container-2\" style=\"--awb-border-radius-top-left:0px;--awb-border-radius-top-right:0px;--awb-border-radius-bottom-right:0px;--awb-border-radius-bottom-left:0px;--awb-padding-bottom:140px;--awb-flex-wrap:wrap;\" ><div class=\"fusion-builder-row fusion-row fusion-flex-align-items-flex-start fusion-flex-content-wrap\" style=\"max-width:1352px;margin-left: calc(-4% \/ 2 );margin-right: calc(-4% \/ 2 );\"><div class=\"fusion-layout-column fusion_builder_column fusion-builder-column-1 fusion_builder_column_1_1 1_1 fusion-flex-column\" style=\"--awb-padding-top:10px;--awb-bg-size:cover;--awb-width-large:100%;--awb-margin-top-large:0px;--awb-spacing-right-large:1.92%;--awb-margin-bottom-large:20px;--awb-spacing-left-large:1.92%;--awb-width-medium:100%;--awb-order-medium:0;--awb-spacing-right-medium:1.92%;--awb-spacing-left-medium:1.92%;--awb-width-small:100%;--awb-order-small:0;--awb-spacing-right-small:1.92%;--awb-spacing-left-small:1.92%;\"><div class=\"fusion-column-wrapper fusion-column-has-shadow fusion-flex-justify-content-flex-start fusion-content-layout-column\"><div class=\"fusion-image-element \" style=\"text-align:center;--awb-max-width:100px;--awb-caption-title-font-family:var(--h2_typography-font-family);--awb-caption-title-font-weight:var(--h2_typography-font-weight);--awb-caption-title-font-style:var(--h2_typography-font-style);--awb-caption-title-size:var(--h2_typography-font-size);--awb-caption-title-transform:var(--h2_typography-text-transform);--awb-caption-title-line-height:var(--h2_typography-line-height);--awb-caption-title-letter-spacing:var(--h2_typography-letter-spacing);\"><span class=\" fusion-imageframe imageframe-none imageframe-2 hover-type-none\"><a class=\"fusion-no-lightbox\" href=\"https:\/\/alpechalets.at\/en\/\" target=\"_self\" aria-label=\"Logo-250px\"><img decoding=\"async\" width=\"250\" height=\"256\" src=\"https:\/\/alpechalets.at\/wp-content\/uploads\/2022\/03\/Logo-250px.png\" data-orig-src=\"https:\/\/alpechalets.at\/wp-content\/uploads\/2022\/03\/Logo-250px.png\" alt class=\"lazyload img-responsive wp-image-3831\" srcset=\"data:image\/svg+xml,%3Csvg%20xmlns%3D%27http%3A%2F%2Fwww.w3.org%2F2000%2Fsvg%27%20width%3D%27250%27%20height%3D%27256%27%20viewBox%3D%270%200%20250%20256%27%3E%3Crect%20width%3D%27250%27%20height%3D%27256%27%20fill-opacity%3D%220%22%2F%3E%3C%2Fsvg%3E\" data-srcset=\"https:\/\/alpechalets.at\/wp-content\/uploads\/2022\/03\/Logo-250px-200x205.png 200w, https:\/\/alpechalets.at\/wp-content\/uploads\/2022\/03\/Logo-250px.png 250w\" data-sizes=\"auto\" data-orig-sizes=\"(max-width: 640px) 100vw, 250px\" \/><\/a><\/span><\/div><\/div><\/div><\/div><\/div><div class=\"fusion-fullwidth fullwidth-box fusion-builder-row-3 fusion-flex-container nonhundred-percent-fullwidth non-hundred-percent-height-scrolling gradient-container-3\" style=\"--awb-border-radius-top-left:0px;--awb-border-radius-top-right:0px;--awb-border-radius-bottom-right:0px;--awb-border-radius-bottom-left:0px;--awb-padding-bottom:90px;--awb-background-color:#ede5da;--awb-flex-wrap:wrap;\" ><div class=\"fusion-builder-row fusion-row fusion-flex-align-items-flex-start fusion-flex-content-wrap\" style=\"max-width:1352px;margin-left: calc(-4% \/ 2 );margin-right: calc(-4% \/ 2 );\"><div class=\"fusion-layout-column fusion_builder_column fusion-builder-column-2 fusion_builder_column_1_1 1_1 fusion-flex-column\" style=\"--awb-bg-size:cover;--awb-width-large:100%;--awb-margin-top-large:-130px;--awb-spacing-right-large:1.92%;--awb-margin-bottom-large:20px;--awb-spacing-left-large:1.92%;--awb-width-medium:100%;--awb-order-medium:0;--awb-spacing-right-medium:1.92%;--awb-spacing-left-medium:1.92%;--awb-width-small:100%;--awb-order-small:0;--awb-spacing-right-small:1.92%;--awb-spacing-left-small:1.92%;\" data-scroll-devices=\"small-visibility,medium-visibility,large-visibility\"><div class=\"fusion-column-wrapper lazyload fusion-column-has-shadow fusion-flex-justify-content-flex-start fusion-content-layout-column fusion-empty-column-bg-image fusion-column-has-bg-image\" data-bg-url=\"https:\/\/alpechalets.at\/wp-content\/uploads\/2023\/12\/Blog-Alpe-Chalets-Goldener-Hirsch.jpg\" data-bg=\"https:\/\/alpechalets.at\/wp-content\/uploads\/2023\/12\/Blog-Alpe-Chalets-Goldener-Hirsch.jpg\"><img decoding=\"async\" class=\"fusion-empty-dims-img-placeholder\" aria-label=\"Blog-Alpe-Chalets-Goldener-Hirsch\" src=\"data:image\/svg+xml,%3Csvg%20xmlns%3D%27http%3A%2F%2Fwww.w3.org%2F2000%2Fsvg%27%20width%3D%271500%27%20height%3D%27800%27%20viewBox%3D%270%200%201500%20800%27%3E%3Crect%20width%3D%271500%27%20height%3D%27800%27%20fill-opacity%3D%220%22%2F%3E%3C%2Fsvg%3E\"><\/div><\/div><\/div><\/div><div class=\"fusion-fullwidth fullwidth-box fusion-builder-row-4 fusion-flex-container nonhundred-percent-fullwidth non-hundred-percent-height-scrolling gradient-container-4\" style=\"--awb-border-radius-top-left:0px;--awb-border-radius-top-right:0px;--awb-border-radius-bottom-right:0px;--awb-border-radius-bottom-left:0px;--awb-padding-top:70px;--awb-padding-top-small:30px;--awb-margin-bottom-small:0px;--awb-flex-wrap:wrap;\" ><div class=\"fusion-builder-row fusion-row fusion-flex-align-items-flex-start fusion-flex-content-wrap\" style=\"max-width:1352px;margin-left: calc(-4% \/ 2 );margin-right: calc(-4% \/ 2 );\"><div class=\"fusion-layout-column fusion_builder_column fusion-builder-column-3 fusion_builder_column_1_1 1_1 fusion-flex-column\" style=\"--awb-bg-size:cover;--awb-width-large:100%;--awb-margin-top-large:0px;--awb-spacing-right-large:1.92%;--awb-margin-bottom-large:0px;--awb-spacing-left-large:1.92%;--awb-width-medium:100%;--awb-order-medium:0;--awb-spacing-right-medium:1.92%;--awb-spacing-left-medium:1.92%;--awb-width-small:100%;--awb-order-small:0;--awb-spacing-right-small:1.92%;--awb-spacing-left-small:1.92%;\"><div class=\"fusion-column-wrapper fusion-column-has-shadow fusion-flex-justify-content-flex-start fusion-content-layout-column\"><div class=\"fusion-text fusion-text-1\" style=\"--awb-text-transform:none;\"><h1 style=\"text-align: center; color: #000!important;\">HIKING TIPS AND NEWS IN OUR BLOG<\/h1>\n<p style=\"text-align: center;\">Here you will find a collection of our best hiking tips and also occasional news and updates about our chalets! We keep you up to date and give you great ideas and tips for your vacation in one of our beautiful apartments. Find out more about the area and the many different offers that await you on your next vacation with us through our texts<\/p>\n<\/div><\/div><\/div><\/div><\/div><div class=\"fusion-fullwidth fullwidth-box fusion-builder-row-5 fusion-flex-container nonhundred-percent-fullwidth non-hundred-percent-height-scrolling gradient-container-5\" style=\"--awb-border-radius-top-left:0px;--awb-border-radius-top-right:0px;--awb-border-radius-bottom-right:0px;--awb-border-radius-bottom-left:0px;--awb-padding-bottom:100px;--awb-margin-top:200px;--awb-margin-top-small:170px;--awb-background-color:#f7f6f2;--awb-flex-wrap:wrap;\" ><div class=\"fusion-builder-row fusion-row fusion-flex-align-items-flex-start fusion-flex-content-wrap\" style=\"max-width:1352px;margin-left: calc(-4% \/ 2 );margin-right: calc(-4% \/ 2 );\"><div class=\"fusion-layout-column fusion_builder_column fusion-builder-column-4 fusion_builder_column_1_1 1_1 fusion-flex-column\" style=\"--awb-bg-size:cover;--awb-width-large:100%;--awb-margin-top-large:-150px;--awb-spacing-right-large:1.92%;--awb-margin-bottom-large:20px;--awb-spacing-left-large:1.92%;--awb-width-medium:100%;--awb-order-medium:0;--awb-spacing-right-medium:1.92%;--awb-spacing-left-medium:1.92%;--awb-width-small:100%;--awb-order-small:0;--awb-spacing-right-small:1.92%;--awb-spacing-left-small:1.92%;\"><div class=\"fusion-column-wrapper fusion-column-has-shadow fusion-flex-justify-content-flex-start fusion-content-layout-column\"><div class=\"fusion-blog-shortcode fusion-blog-shortcode-1 fusion-blog-archive fusion-blog-layout-grid-wrapper fusion-blog-pagination\" style=\"--grid_separator_color:rgba(91,91,91,0);\"><style type=\"text\/css\">.fusion-blog-shortcode-1 .fusion-blog-layout-grid .fusion-post-grid{padding:5px;}.fusion-blog-shortcode-1 .fusion-posts-container{margin-left: -5px !important; margin-right:-5px !important;}<\/style><div class=\"fusion-posts-container fusion-posts-container-pagination fusion-no-meta-info fusion-blog-layout-grid fusion-blog-layout-grid-3 isotope fusion-blog-equal-heights\" data-pages=\"1\" data-grid-col-space=\"10\" style=\"margin: -5px -5px 0;min-height:500px;\"><article id=\"blog-1-post-4623\" class=\"fusion-post-grid post-4623 post type-post status-publish format-standard has-post-thumbnail hentry category-vacation\">\n<div class=\"fusion-post-wrapper\" style=\"background-color:rgba(255,255,255,1);border:none;\">\n\n\t\t\t<div class=\"fusion-flexslider flexslider fusion-flexslider-loading fusion-post-slideshow\" style=\"border-color:rgba(48,48,48,0);\">\n\t\t<ul class=\"slides\">\n\t\t\t\n\t\t\t\t\t\t\t\t\t\t\t\t\t\t<li><div  class=\"fusion-image-wrapper\" aria-haspopup=\"true\">\n\t\t\t\t\t\t\t<a href=\"https:\/\/alpechalets.at\/en\/moeserer-see\/\" aria-label=\"M\u00f6serer See\">\n\t\t\t\t\t\t\t<img decoding=\"async\" width=\"1200\" height=\"800\" src=\"https:\/\/alpechalets.at\/wp-content\/uploads\/2022\/05\/Moeserer_See.png\" class=\"attachment-full size-full lazyload wp-post-image\" alt=\"Ruhiger Waldsee mit spiegelglatter Wasseroberfl\u00e4che, umgeben von dichten Nadelb\u00e4umen unter klarem, blauem Himmel. Mo\u0308serer See\" srcset=\"data:image\/svg+xml,%3Csvg%20xmlns%3D%27http%3A%2F%2Fwww.w3.org%2F2000%2Fsvg%27%20width%3D%271200%27%20height%3D%27800%27%20viewBox%3D%270%200%201200%20800%27%3E%3Crect%20width%3D%271200%27%20height%3D%27800%27%20fill-opacity%3D%220%22%2F%3E%3C%2Fsvg%3E\" data-orig-src=\"https:\/\/alpechalets.at\/wp-content\/uploads\/2022\/05\/Moeserer_See.png\" data-srcset=\"https:\/\/alpechalets.at\/wp-content\/uploads\/2022\/05\/Moeserer_See-200x133.png 200w, https:\/\/alpechalets.at\/wp-content\/uploads\/2022\/05\/Moeserer_See-400x267.png 400w, https:\/\/alpechalets.at\/wp-content\/uploads\/2022\/05\/Moeserer_See-600x400.png 600w, https:\/\/alpechalets.at\/wp-content\/uploads\/2022\/05\/Moeserer_See-800x533.png 800w, https:\/\/alpechalets.at\/wp-content\/uploads\/2022\/05\/Moeserer_See.png 1200w\" data-sizes=\"auto\" \/>\t\t\t<\/a>\n\t\t\t\t\t\t\t<\/div>\n<\/li>\n\t\t\t\n\t\t\t\n\t\t\t\t\t\t\t\t\t\t\t\t\t\t\t\t\t\t\t\t\t\t\t\t\t\t\t\t\t\t\t\t\t\t\t\t\t\t\t\t\t\t\t\t\t\t\t\t\t\t\t\t\t\t\t\t\t\t\t\t\t\t\t\t\t\t\t\t<\/ul>\n\t<\/div>\n\t<div class=\"fusion-post-content-wrapper\" style=\"padding:30px 25px 25px 25px;\"><div class=\"fusion-post-content post-content\"><h2 class=\"blog-shortcode-post-title entry-title\">M\u00f6serer See<\/h2><div class=\"fusion-post-content-container\"><p> A particularly beautiful excursion destination is one of Tyrol's warmest natural bathing lakes. M\u00f6serer See is located at 1,295m. [...]<\/p><\/div><\/div><\/div><div class=\"fusion-clearfix\"><\/div><\/div>\n<\/article>\n<article id=\"blog-1-post-4654\" class=\"fusion-post-grid post-4654 post type-post status-publish format-standard has-post-thumbnail hentry category-activities tag-hiking-vacation tag-nature-park tag-summer-holiday tag-tyrol tag-vacation\">\n<div class=\"fusion-post-wrapper\" style=\"background-color:rgba(255,255,255,1);border:none;\">\n\n\t\t\t<div class=\"fusion-flexslider flexslider fusion-flexslider-loading fusion-post-slideshow\" style=\"border-color:rgba(48,48,48,0);\">\n\t\t<ul class=\"slides\">\n\t\t\t\n\t\t\t\t\t\t\t\t\t\t\t\t\t\t<li><div  class=\"fusion-image-wrapper\" aria-haspopup=\"true\">\n\t\t\t\t\t\t\t<a href=\"https:\/\/alpechalets.at\/en\/gleirschklamm\/\" aria-label=\"Gleirschklamm\">\n\t\t\t\t\t\t\t<img decoding=\"async\" width=\"1200\" height=\"800\" src=\"https:\/\/alpechalets.at\/wp-content\/uploads\/2022\/04\/gleirschklamm-tirol-scharnitz-karwendel.png\" class=\"attachment-full size-full lazyload wp-post-image\" alt=\"Holzbr\u00fccke \u00fcber t\u00fcrkisfarbenen Wildbach in der Gleirschklamm bei Scharnitz im Naturpark Karwendel, umgeben von steilen Felsw\u00e4nden\" srcset=\"data:image\/svg+xml,%3Csvg%20xmlns%3D%27http%3A%2F%2Fwww.w3.org%2F2000%2Fsvg%27%20width%3D%271200%27%20height%3D%27800%27%20viewBox%3D%270%200%201200%20800%27%3E%3Crect%20width%3D%271200%27%20height%3D%27800%27%20fill-opacity%3D%220%22%2F%3E%3C%2Fsvg%3E\" data-orig-src=\"https:\/\/alpechalets.at\/wp-content\/uploads\/2022\/04\/gleirschklamm-tirol-scharnitz-karwendel.png\" data-srcset=\"https:\/\/alpechalets.at\/wp-content\/uploads\/2022\/04\/gleirschklamm-tirol-scharnitz-karwendel-200x133.png 200w, https:\/\/alpechalets.at\/wp-content\/uploads\/2022\/04\/gleirschklamm-tirol-scharnitz-karwendel-400x267.png 400w, https:\/\/alpechalets.at\/wp-content\/uploads\/2022\/04\/gleirschklamm-tirol-scharnitz-karwendel-600x400.png 600w, https:\/\/alpechalets.at\/wp-content\/uploads\/2022\/04\/gleirschklamm-tirol-scharnitz-karwendel-800x533.png 800w, https:\/\/alpechalets.at\/wp-content\/uploads\/2022\/04\/gleirschklamm-tirol-scharnitz-karwendel.png 1200w\" data-sizes=\"auto\" \/>\t\t\t<\/a>\n\t\t\t\t\t\t\t<\/div>\n<\/li>\n\t\t\t\n\t\t\t\n\t\t\t\t\t\t\t\t\t\t\t\t\t\t\t\t\t\t\t\t\t\t\t\t\t\t\t\t\t\t\t\t\t\t\t\t\t\t\t\t\t\t\t\t\t\t\t\t\t\t\t\t\t\t\t\t\t\t\t\t\t\t\t\t\t\t\t\t<\/ul>\n\t<\/div>\n\t<div class=\"fusion-post-content-wrapper\" style=\"padding:30px 25px 25px 25px;\"><div class=\"fusion-post-content post-content\"><h2 class=\"blog-shortcode-post-title entry-title\">Gleirschklamm<\/h2><div class=\"fusion-post-content-container\"><p>  For hikers who like to start from their holiday apartment, the Gleirschklamm (Free of charge) is just the [...]<\/p><\/div><\/div><\/div><div class=\"fusion-clearfix\"><\/div><\/div>\n<\/article>\n<article id=\"blog-1-post-4657\" class=\"fusion-post-grid post-4657 post type-post status-publish format-standard has-post-thumbnail hentry category-vacation\">\n<div class=\"fusion-post-wrapper\" style=\"background-color:rgba(255,255,255,1);border:none;\">\n\n\t\t\t<div class=\"fusion-flexslider flexslider fusion-flexslider-loading fusion-post-slideshow\" style=\"border-color:rgba(48,48,48,0);\">\n\t\t<ul class=\"slides\">\n\t\t\t\n\t\t\t\t\t\t\t\t\t\t\t\t\t\t<li><div  class=\"fusion-image-wrapper\" aria-haspopup=\"true\">\n\t\t\t\t\t\t\t<a href=\"https:\/\/alpechalets.at\/en\/scharnitz-in-winter\/\" aria-label=\"Scharnitz in Winter\">\n\t\t\t\t\t\t\t<img decoding=\"async\" width=\"1533\" height=\"693\" src=\"https:\/\/alpechalets.at\/wp-content\/uploads\/2022\/03\/Charlet-Ferienwohnung-Tirol-e1648406880375.jpg\" class=\"attachment-full size-full lazyload wp-post-image\" alt=\"\" srcset=\"data:image\/svg+xml,%3Csvg%20xmlns%3D%27http%3A%2F%2Fwww.w3.org%2F2000%2Fsvg%27%20width%3D%271533%27%20height%3D%27693%27%20viewBox%3D%270%200%201533%20693%27%3E%3Crect%20width%3D%271533%27%20height%3D%27693%27%20fill-opacity%3D%220%22%2F%3E%3C%2Fsvg%3E\" data-orig-src=\"https:\/\/alpechalets.at\/wp-content\/uploads\/2022\/03\/Charlet-Ferienwohnung-Tirol-e1648406880375.jpg\" data-srcset=\"https:\/\/alpechalets.at\/wp-content\/uploads\/2022\/03\/Charlet-Ferienwohnung-Tirol-e1648406880375-200x90.jpg 200w, https:\/\/alpechalets.at\/wp-content\/uploads\/2022\/03\/Charlet-Ferienwohnung-Tirol-e1648406880375-400x181.jpg 400w, https:\/\/alpechalets.at\/wp-content\/uploads\/2022\/03\/Charlet-Ferienwohnung-Tirol-e1648406880375-600x271.jpg 600w, https:\/\/alpechalets.at\/wp-content\/uploads\/2022\/03\/Charlet-Ferienwohnung-Tirol-e1648406880375-800x362.jpg 800w, https:\/\/alpechalets.at\/wp-content\/uploads\/2022\/03\/Charlet-Ferienwohnung-Tirol-e1648406880375-1200x542.jpg 1200w, https:\/\/alpechalets.at\/wp-content\/uploads\/2022\/03\/Charlet-Ferienwohnung-Tirol-e1648406880375.jpg 1533w\" data-sizes=\"auto\" \/>\t\t\t<\/a>\n\t\t\t\t\t\t\t<\/div>\n<\/li>\n\t\t\t\n\t\t\t\n\t\t\t\t\t\t\t\t\t\t\t\t\t\t\t\t\t\t\t\t\t\t\t\t\t\t\t\t\t\t\t\t\t\t\t\t\t\t\t\t\t\t\t\t\t\t\t\t\t\t\t\t\t\t\t\t\t\t\t\t\t\t\t\t\t\t\t\t<\/ul>\n\t<\/div>\n\t<div class=\"fusion-post-content-wrapper\" style=\"padding:30px 25px 25px 25px;\"><div class=\"fusion-post-content post-content\"><h2 class=\"blog-shortcode-post-title entry-title\">Scharnitz in Winter<\/h2><div class=\"fusion-post-content-container\"><p> Here you will find one of Europe's largest cross-country trail networks. 279 kilometers of perfectly groomed trails of all [...]<\/p><\/div><\/div><\/div><div class=\"fusion-clearfix\"><\/div><\/div>\n<\/article>\n<div class=\"fusion-clearfix\"><\/div><\/div><\/div><\/div><\/div><\/div><\/div><\/p>\n","protected":false},"excerpt":{"rendered":"","protected":false},"author":1,"featured_media":4156,"parent":0,"menu_order":0,"comment_status":"closed","ping_status":"closed","template":"100-width.php","meta":{"footnotes":""},"class_list":["post-4540","page","type-page","status-publish","has-post-thumbnail","hentry"],"yoast_head":"<!-- This site is optimized with the Yoast SEO plugin v26.9 - https:\/\/yoast.com\/product\/yoast-seo-wordpress\/ -->\n<title>Hiking Tips and News from our Blog - AlpeChalets<\/title>\n<meta name=\"description\" content=\"In this blog, we share with you the best hiking tips - in Scharnitz, Seefeld and Karwendel, as well as news from our house!\" \/>\n<meta name=\"robots\" content=\"index, follow, max-snippet:-1, max-image-preview:large, max-video-preview:-1\" \/>\n<link rel=\"canonical\" href=\"https:\/\/alpechalets.at\/en\/blog\/\" \/>\n<meta property=\"og:locale\" content=\"en_US\" \/>\n<meta property=\"og:type\" content=\"article\" \/>\n<meta property=\"og:title\" content=\"Hiking Tips and News from our Blog - AlpeChalets\" \/>\n<meta property=\"og:description\" content=\"In this blog, we share with you the best hiking tips - in Scharnitz, Seefeld and Karwendel, as well as news from our house!\" \/>\n<meta property=\"og:url\" content=\"https:\/\/alpechalets.at\/en\/blog\/\" \/>\n<meta property=\"og:site_name\" content=\"AlpeChalets\" \/>\n<meta property=\"article:publisher\" content=\"https:\/\/www.facebook.com\/alpechaletsgoldenerhirsch\/\" \/>\n<meta property=\"article:modified_time\" content=\"2026-02-25T08:40:23+00:00\" \/>\n<meta property=\"og:image\" content=\"https:\/\/alpechalets.at\/wp-content\/uploads\/2022\/03\/Ferienhaus-Mieten-Tirol-Karwendelhuette-1024x547.jpg\" \/>\n<meta name=\"twitter:card\" content=\"summary_large_image\" \/>\n<meta name=\"twitter:title\" content=\"Hiking Tips and News from our Blog - AlpeChalets\" \/>\n<meta name=\"twitter:description\" content=\"In this blog, we share with you the best hiking tips - in Scharnitz, Seefeld and Karwendel, as well as news from our house!\" \/>\n<meta name=\"twitter:image\" content=\"https:\/\/alpechalets.at\/wp-content\/uploads\/2022\/03\/Ferienhaus-Mieten-Tirol-Karwendelhuette-1024x547.jpg\" \/>\n<meta name=\"twitter:label1\" content=\"Est. reading time\" \/>\n\t<meta name=\"twitter:data1\" content=\"23 minutes\" \/>\n<script type=\"application\/ld+json\" class=\"yoast-schema-graph\">{\"@context\":\"https:\/\/schema.org\",\"@graph\":[{\"@type\":\"WebPage\",\"@id\":\"https:\/\/alpechalets.at\/en\/blog\/\",\"url\":\"https:\/\/alpechalets.at\/en\/blog\/\",\"name\":\"Hiking Tips and News from our Blog - AlpeChalets\",\"isPartOf\":{\"@id\":\"https:\/\/alpechalets.at\/en\/#website\"},\"primaryImageOfPage\":{\"@id\":\"https:\/\/alpechalets.at\/en\/blog\/#primaryimage\"},\"image\":{\"@id\":\"https:\/\/alpechalets.at\/en\/blog\/#primaryimage\"},\"thumbnailUrl\":\"https:\/\/alpechalets.at\/wp-content\/uploads\/2023\/10\/Urlaub-in-Scharnitz-Tirol.jpg\",\"datePublished\":\"2022-08-30T09:39:25+00:00\",\"dateModified\":\"2026-02-25T08:40:23+00:00\",\"description\":\"In this blog, we share with you the best hiking tips - in Scharnitz, Seefeld and Karwendel, as well as news from our house!\",\"breadcrumb\":{\"@id\":\"https:\/\/alpechalets.at\/en\/blog\/#breadcrumb\"},\"inLanguage\":\"en-US\",\"potentialAction\":[{\"@type\":\"ReadAction\",\"target\":[\"https:\/\/alpechalets.at\/en\/blog\/\"]}]},{\"@type\":\"ImageObject\",\"inLanguage\":\"en-US\",\"@id\":\"https:\/\/alpechalets.at\/en\/blog\/#primaryimage\",\"url\":\"https:\/\/alpechalets.at\/wp-content\/uploads\/2023\/10\/Urlaub-in-Scharnitz-Tirol.jpg\",\"contentUrl\":\"https:\/\/alpechalets.at\/wp-content\/uploads\/2023\/10\/Urlaub-in-Scharnitz-Tirol.jpg\",\"width\":1500,\"height\":674},{\"@type\":\"BreadcrumbList\",\"@id\":\"https:\/\/alpechalets.at\/en\/blog\/#breadcrumb\",\"itemListElement\":[{\"@type\":\"ListItem\",\"position\":1,\"name\":\"Startseite\",\"item\":\"https:\/\/alpechalets.at\/en\/holiday-home-and-apartments-in-scharnitz-tyrol\/\"},{\"@type\":\"ListItem\",\"position\":2,\"name\":\"Blog\"}]},{\"@type\":\"WebSite\",\"@id\":\"https:\/\/alpechalets.at\/en\/#website\",\"url\":\"https:\/\/alpechalets.at\/en\/\",\"name\":\"AlpeChalets\",\"description\":\"\u2026etwas mehr als ein Ferienhaus\",\"publisher\":{\"@id\":\"https:\/\/alpechalets.at\/en\/#organization\"},\"alternateName\":\"Ferienhaus und Ferienwohnungen in Scharnitz \/ Tirol bei Seefeld\",\"potentialAction\":[{\"@type\":\"SearchAction\",\"target\":{\"@type\":\"EntryPoint\",\"urlTemplate\":\"https:\/\/alpechalets.at\/en\/?s={search_term_string}\"},\"query-input\":{\"@type\":\"PropertyValueSpecification\",\"valueRequired\":true,\"valueName\":\"search_term_string\"}}],\"inLanguage\":\"en-US\"},{\"@type\":\"Organization\",\"@id\":\"https:\/\/alpechalets.at\/en\/#organization\",\"name\":\"AlpeChalets\",\"alternateName\":\"Ferienhaus und Ferienwohnungen in Scharnitz \/ Tirol bei Seefeld\",\"url\":\"https:\/\/alpechalets.at\/en\/\",\"logo\":{\"@type\":\"ImageObject\",\"inLanguage\":\"en-US\",\"@id\":\"https:\/\/alpechalets.at\/en\/#\/schema\/logo\/image\/\",\"url\":\"https:\/\/alpechalets.at\/wp-content\/uploads\/2022\/03\/Logo-250px.png\",\"contentUrl\":\"https:\/\/alpechalets.at\/wp-content\/uploads\/2022\/03\/Logo-250px.png\",\"width\":250,\"height\":256,\"caption\":\"AlpeChalets\"},\"image\":{\"@id\":\"https:\/\/alpechalets.at\/en\/#\/schema\/logo\/image\/\"},\"sameAs\":[\"https:\/\/www.facebook.com\/alpechaletsgoldenerhirsch\/\",\"https:\/\/www.instagram.com\/alpechalets\/?igshid=YmMyMTA2M2Y\"]}]}<\/script>\n<!-- \/ Yoast SEO plugin. -->","yoast_head_json":{"title":"Hiking Tips and News from our Blog - AlpeChalets","description":"In this blog, we share with you the best hiking tips - in Scharnitz, Seefeld and Karwendel, as well as news from our house!","robots":{"index":"index","follow":"follow","max-snippet":"max-snippet:-1","max-image-preview":"max-image-preview:large","max-video-preview":"max-video-preview:-1"},"canonical":"https:\/\/alpechalets.at\/en\/blog\/","og_locale":"en_US","og_type":"article","og_title":"Hiking Tips and News from our Blog - AlpeChalets","og_description":"In this blog, we share with you the best hiking tips - in Scharnitz, Seefeld and Karwendel, as well as news from our house!","og_url":"https:\/\/alpechalets.at\/en\/blog\/","og_site_name":"AlpeChalets","article_publisher":"https:\/\/www.facebook.com\/alpechaletsgoldenerhirsch\/","article_modified_time":"2026-02-25T08:40:23+00:00","og_image":[{"url":"https:\/\/alpechalets.at\/wp-content\/uploads\/2022\/03\/Ferienhaus-Mieten-Tirol-Karwendelhuette-1024x547.jpg","type":"","width":"","height":""}],"twitter_card":"summary_large_image","twitter_title":"Hiking Tips and News from our Blog - AlpeChalets","twitter_description":"In this blog, we share with you the best hiking tips - in Scharnitz, Seefeld and Karwendel, as well as news from our house!","twitter_image":"https:\/\/alpechalets.at\/wp-content\/uploads\/2022\/03\/Ferienhaus-Mieten-Tirol-Karwendelhuette-1024x547.jpg","twitter_misc":{"Est. reading time":"23 minutes"},"schema":{"@context":"https:\/\/schema.org","@graph":[{"@type":"WebPage","@id":"https:\/\/alpechalets.at\/en\/blog\/","url":"https:\/\/alpechalets.at\/en\/blog\/","name":"Hiking Tips and News from our Blog - AlpeChalets","isPartOf":{"@id":"https:\/\/alpechalets.at\/en\/#website"},"primaryImageOfPage":{"@id":"https:\/\/alpechalets.at\/en\/blog\/#primaryimage"},"image":{"@id":"https:\/\/alpechalets.at\/en\/blog\/#primaryimage"},"thumbnailUrl":"https:\/\/alpechalets.at\/wp-content\/uploads\/2023\/10\/Urlaub-in-Scharnitz-Tirol.jpg","datePublished":"2022-08-30T09:39:25+00:00","dateModified":"2026-02-25T08:40:23+00:00","description":"In this blog, we share with you the best hiking tips - in Scharnitz, Seefeld and Karwendel, as well as news from our house!","breadcrumb":{"@id":"https:\/\/alpechalets.at\/en\/blog\/#breadcrumb"},"inLanguage":"en-US","potentialAction":[{"@type":"ReadAction","target":["https:\/\/alpechalets.at\/en\/blog\/"]}]},{"@type":"ImageObject","inLanguage":"en-US","@id":"https:\/\/alpechalets.at\/en\/blog\/#primaryimage","url":"https:\/\/alpechalets.at\/wp-content\/uploads\/2023\/10\/Urlaub-in-Scharnitz-Tirol.jpg","contentUrl":"https:\/\/alpechalets.at\/wp-content\/uploads\/2023\/10\/Urlaub-in-Scharnitz-Tirol.jpg","width":1500,"height":674},{"@type":"BreadcrumbList","@id":"https:\/\/alpechalets.at\/en\/blog\/#breadcrumb","itemListElement":[{"@type":"ListItem","position":1,"name":"Startseite","item":"https:\/\/alpechalets.at\/en\/holiday-home-and-apartments-in-scharnitz-tyrol\/"},{"@type":"ListItem","position":2,"name":"Blog"}]},{"@type":"WebSite","@id":"https:\/\/alpechalets.at\/en\/#website","url":"https:\/\/alpechalets.at\/en\/","name":"AlpeChalets","description":"\u2026etwas mehr als ein Ferienhaus","publisher":{"@id":"https:\/\/alpechalets.at\/en\/#organization"},"alternateName":"Ferienhaus und Ferienwohnungen in Scharnitz \/ Tirol bei Seefeld","potentialAction":[{"@type":"SearchAction","target":{"@type":"EntryPoint","urlTemplate":"https:\/\/alpechalets.at\/en\/?s={search_term_string}"},"query-input":{"@type":"PropertyValueSpecification","valueRequired":true,"valueName":"search_term_string"}}],"inLanguage":"en-US"},{"@type":"Organization","@id":"https:\/\/alpechalets.at\/en\/#organization","name":"AlpeChalets","alternateName":"Ferienhaus und Ferienwohnungen in Scharnitz \/ Tirol bei Seefeld","url":"https:\/\/alpechalets.at\/en\/","logo":{"@type":"ImageObject","inLanguage":"en-US","@id":"https:\/\/alpechalets.at\/en\/#\/schema\/logo\/image\/","url":"https:\/\/alpechalets.at\/wp-content\/uploads\/2022\/03\/Logo-250px.png","contentUrl":"https:\/\/alpechalets.at\/wp-content\/uploads\/2022\/03\/Logo-250px.png","width":250,"height":256,"caption":"AlpeChalets"},"image":{"@id":"https:\/\/alpechalets.at\/en\/#\/schema\/logo\/image\/"},"sameAs":["https:\/\/www.facebook.com\/alpechaletsgoldenerhirsch\/","https:\/\/www.instagram.com\/alpechalets\/?igshid=YmMyMTA2M2Y"]}]}},"_links":{"self":[{"href":"https:\/\/alpechalets.at\/en\/wp-json\/wp\/v2\/pages\/4540","targetHints":{"allow":["GET"]}}],"collection":[{"href":"https:\/\/alpechalets.at\/en\/wp-json\/wp\/v2\/pages"}],"about":[{"href":"https:\/\/alpechalets.at\/en\/wp-json\/wp\/v2\/types\/page"}],"author":[{"embeddable":true,"href":"https:\/\/alpechalets.at\/en\/wp-json\/wp\/v2\/users\/1"}],"replies":[{"embeddable":true,"href":"https:\/\/alpechalets.at\/en\/wp-json\/wp\/v2\/comments?post=4540"}],"version-history":[{"count":10,"href":"https:\/\/alpechalets.at\/en\/wp-json\/wp\/v2\/pages\/4540\/revisions"}],"predecessor-version":[{"id":5457,"href":"https:\/\/alpechalets.at\/en\/wp-json\/wp\/v2\/pages\/4540\/revisions\/5457"}],"wp:featuredmedia":[{"embeddable":true,"href":"https:\/\/alpechalets.at\/en\/wp-json\/wp\/v2\/media\/4156"}],"wp:attachment":[{"href":"https:\/\/alpechalets.at\/en\/wp-json\/wp\/v2\/media?parent=4540"}],"curies":[{"name":"wp","href":"https:\/\/api.w.org\/{rel}","templated":true}]}}